{"id":768,"date":"2021-02-23T08:23:42","date_gmt":"2021-02-23T08:23:42","guid":{"rendered":"https:\/\/heurtevent-stpaul.com\/?page_id=768"},"modified":"2026-09-01T09:47:10","modified_gmt":"2026-09-01T08:47:10","slug":"nos-chambres-funeraires","status":"publish","type":"page","link":"https:\/\/heurtevent-stpaul.com\/index.php\/nos-chambres-funeraires\/","title":{"rendered":"Nos chambres fun\u00e9raires"},"content":{"rendered":"\t\t<div data-elementor-type=\"wp-page\" data-elementor-id=\"768\" class=\"elementor elementor-768\" data-elementor-post-type=\"page\">\n\t\t\t\t<div class=\"elementor-element elementor-element-1a8161e4 e-flex e-con-boxed e-con e-parent\" data-id=\"1a8161e4\" data-element_type=\"container\" data-e-type=\"container\">\n\t\t\t\t\t<div class=\"e-con-inner\">\n\t\t\t\t<div class=\"elementor-element elementor-element-701e7e51 elementor-widget elementor-widget-text-editor\" data-id=\"701e7e51\" data-element_type=\"widget\" data-e-type=\"widget\" data-widget_type=\"text-editor.default\">\n\t\t\t\t\t\t\t\t\t<h1>Nos chambres fun\u00e9raires<\/h1><p>Pour accueillir votre d\u00e9funt les quelques jours qui pr\u00e9c\u00e8dent les obs\u00e8ques, nous mettons \u00e0 disposition des familles des chambres fun\u00e9raires.<\/p><p>Ces salons sont am\u00e9nag\u00e9s pour permettre aux familles et aux proches de veiller leur d\u00e9funt et de se recueillir dans l\u2019intimit\u00e9 dans un cadre adapt\u00e9\u00a0: ces espaces sont personnalisables et d\u00e9corables selon vos envies. Il est ainsi possible d\u2019ajouter des fleurs artificielles ou naturelles, de diffuser de la musique, d\u2019apporter des objets personnels, des photos ou des souvenirs du d\u00e9funt.<\/p><p><a href=\"https:\/\/www.pompes-funebres-barraud.fr\/obseques\/\">L\u2019acc\u00e8s aux fun\u00e9rariums<\/a> se fait gr\u00e2ce \u00e0 un digicode et vous pouvez vous recueillir autant de temps que n\u00e9cessaire.<\/p>\t\t\t\t\t\t\t\t<\/div>\n\t\t\t\t<div class=\"elementor-element elementor-element-78a9154 elementor-widget-divider--view-line elementor-widget elementor-widget-divider\" data-id=\"78a9154\" data-element_type=\"widget\" data-e-type=\"widget\" data-widget_type=\"divider.default\">\n\t\t\t\t\t\t\t<div class=\"elementor-divider\">\n\t\t\t<span class=\"elementor-divider-separator\">\n\t\t\t\t\t\t<\/span>\n\t\t<\/div>\n\t\t\t\t\t\t<\/div>\n\t\t<div class=\"elementor-element elementor-element-aec7322 e-con-full e-flex e-con e-child\" data-id=\"aec7322\" data-element_type=\"container\" data-e-type=\"container\">\n\t\t\t\t<div class=\"elementor-element elementor-element-0853e5c elementor-widget elementor-widget-image\" data-id=\"0853e5c\" data-element_type=\"widget\" data-e-type=\"widget\" data-widget_type=\"image.default\">\n\t\t\t\t\t\t\t\t\t\t\t\t\t\t\t<img fetchpriority=\"high\" decoding=\"async\" width=\"613\" height=\"300\" src=\"https:\/\/heurtevent-stpaul.com\/wp-content\/uploads\/2021\/02\/gerbe-fleurs-2.jpg\" class=\"attachment-large size-large wp-image-769\" alt=\"\" srcset=\"https:\/\/heurtevent-stpaul.com\/wp-content\/uploads\/2021\/02\/gerbe-fleurs-2.jpg 613w, https:\/\/heurtevent-stpaul.com\/wp-content\/uploads\/2021\/02\/gerbe-fleurs-2-300x147.jpg 300w\" sizes=\"(max-width: 613px) 100vw, 613px\" \/>\t\t\t\t\t\t\t\t\t\t\t\t\t\t\t<\/div>\n\t\t\t\t<div class=\"elementor-element elementor-element-fd0185f elementor-widget elementor-widget-image\" data-id=\"fd0185f\" data-element_type=\"widget\" data-e-type=\"widget\" data-widget_type=\"image.default\">\n\t\t\t\t\t\t\t\t\t\t\t\t\t\t\t<img decoding=\"async\" width=\"613\" height=\"300\" src=\"https:\/\/heurtevent-stpaul.com\/wp-content\/uploads\/2021\/02\/registre-fleurs-collier-1.jpg\" class=\"attachment-large size-large wp-image-770\" alt=\"\" srcset=\"https:\/\/heurtevent-stpaul.com\/wp-content\/uploads\/2021\/02\/registre-fleurs-collier-1.jpg 613w, https:\/\/heurtevent-stpaul.com\/wp-content\/uploads\/2021\/02\/registre-fleurs-collier-1-300x147.jpg 300w\" sizes=\"(max-width: 613px) 100vw, 613px\" \/>\t\t\t\t\t\t\t\t\t\t\t\t\t\t\t<\/div>\n\t\t\t\t<\/div>\n\t\t\t\t\t<\/div>\n\t\t\t\t<\/div>\n\t\t\t\t<\/div>\n\t\t","protected":false},"excerpt":{"rendered":"<p>Nos chambres fun\u00e9raires Pour accueillir votre d\u00e9funt les quelques jours qui pr\u00e9c\u00e8dent les obs\u00e8ques, nous mettons \u00e0 disposition des familles des chambres fun\u00e9raires. Ces salons sont am\u00e9nag\u00e9s pour permettre aux familles et aux proches de veiller leur d\u00e9funt et de se recueillir dans l\u2019intimit\u00e9 dans un cadre adapt\u00e9\u00a0: ces espaces sont personnalisables et d\u00e9corables selon [&hellip;]<\/p>\n","protected":false},"author":1,"featured_media":0,"parent":0,"menu_order":0,"comment_status":"closed","ping_status":"open","template":"","meta":{"footnotes":""},"class_list":["post-768","page","type-page","status-publish","hentry"],"yoast_head":"<!-- This site is optimized with the Yoast SEO plugin v28.4 - https:\/\/yoast.com\/product\/yoast-seo-wordpress\/ -->\n<title>Chambre Fun\u00e9raire \u00e0 Saint-Paul | Heurtevent<\/title>\n<meta name=\"description\" content=\"D\u00e9couvrez notre chambre fun\u00e9raire Heurtevent \u00e0 Saint-Paul. Un espace adapt\u00e9 pour vous recueillir aupr\u00e8s de votre proche.\" \/>\n<meta name=\"robots\" content=\"index, follow, max-snippet:-1, max-image-preview:large, max-video-preview:-1\" \/>\n<link rel=\"canonical\" href=\"https:\/\/heurtevent-stpaul.com\/index.php\/nos-chambres-funeraires\/\" \/>\n<meta property=\"og:locale\" content=\"fr_FR\" \/>\n<meta property=\"og:type\" content=\"article\" \/>\n<meta property=\"og:title\" content=\"Chambre Fun\u00e9raire \u00e0 Saint-Paul | Heurtevent\" \/>\n<meta property=\"og:description\" content=\"D\u00e9couvrez notre chambre fun\u00e9raire Heurtevent \u00e0 Saint-Paul. Un espace adapt\u00e9 pour vous recueillir aupr\u00e8s de votre proche.\" \/>\n<meta property=\"og:url\" content=\"https:\/\/heurtevent-stpaul.com\/index.php\/nos-chambres-funeraires\/\" \/>\n<meta property=\"og:site_name\" content=\"PF HEURTEVENT\" \/>\n<meta property=\"article:modified_time\" content=\"2026-09-01T08:47:10+00:00\" \/>\n<meta property=\"og:image\" content=\"https:\/\/heurtevent-stpaul.com\/wp-content\/uploads\/2021\/02\/gerbe-fleurs-2.jpg\" \/>\n\t<meta property=\"og:image:width\" content=\"613\" \/>\n\t<meta property=\"og:image:height\" content=\"300\" \/>\n\t<meta property=\"og:image:type\" content=\"image\/jpeg\" \/>\n<meta name=\"twitter:card\" content=\"summary_large_image\" \/>\n<meta name=\"twitter:label1\" content=\"Dur\u00e9e de lecture estim\u00e9e\" \/>\n\t<meta name=\"twitter:data1\" content=\"1 minute\" \/>\n<script type=\"application\/ld+json\" class=\"yoast-schema-graph\">{\"@context\":\"https:\\\/\\\/schema.org\",\"@graph\":[{\"@type\":\"WebPage\",\"@id\":\"https:\\\/\\\/heurtevent-stpaul.com\\\/index.php\\\/nos-chambres-funeraires\\\/\",\"url\":\"https:\\\/\\\/heurtevent-stpaul.com\\\/index.php\\\/nos-chambres-funeraires\\\/\",\"name\":\"Chambre Fun\u00e9raire \u00e0 Saint-Paul | Heurtevent\",\"isPartOf\":{\"@id\":\"https:\\\/\\\/heurtevent-stpaul.com\\\/#website\"},\"primaryImageOfPage\":{\"@id\":\"https:\\\/\\\/heurtevent-stpaul.com\\\/index.php\\\/nos-chambres-funeraires\\\/#primaryimage\"},\"image\":{\"@id\":\"https:\\\/\\\/heurtevent-stpaul.com\\\/index.php\\\/nos-chambres-funeraires\\\/#primaryimage\"},\"thumbnailUrl\":\"https:\\\/\\\/heurtevent-stpaul.com\\\/wp-content\\\/uploads\\\/2021\\\/02\\\/gerbe-fleurs-2.jpg\",\"datePublished\":\"2021-02-23T08:23:42+00:00\",\"dateModified\":\"2026-09-01T08:47:10+00:00\",\"description\":\"D\u00e9couvrez notre chambre fun\u00e9raire Heurtevent \u00e0 Saint-Paul. Un espace adapt\u00e9 pour vous recueillir aupr\u00e8s de votre proche.\",\"breadcrumb\":{\"@id\":\"https:\\\/\\\/heurtevent-stpaul.com\\\/index.php\\\/nos-chambres-funeraires\\\/#breadcrumb\"},\"inLanguage\":\"fr-FR\",\"potentialAction\":[{\"@type\":\"ReadAction\",\"target\":[\"https:\\\/\\\/heurtevent-stpaul.com\\\/index.php\\\/nos-chambres-funeraires\\\/\"]}]},{\"@type\":\"ImageObject\",\"inLanguage\":\"fr-FR\",\"@id\":\"https:\\\/\\\/heurtevent-stpaul.com\\\/index.php\\\/nos-chambres-funeraires\\\/#primaryimage\",\"url\":\"https:\\\/\\\/heurtevent-stpaul.com\\\/wp-content\\\/uploads\\\/2021\\\/02\\\/gerbe-fleurs-2.jpg\",\"contentUrl\":\"https:\\\/\\\/heurtevent-stpaul.com\\\/wp-content\\\/uploads\\\/2021\\\/02\\\/gerbe-fleurs-2.jpg\",\"width\":613,\"height\":300},{\"@type\":\"BreadcrumbList\",\"@id\":\"https:\\\/\\\/heurtevent-stpaul.com\\\/index.php\\\/nos-chambres-funeraires\\\/#breadcrumb\",\"itemListElement\":[{\"@type\":\"ListItem\",\"position\":1,\"name\":\"Accueil\",\"item\":\"https:\\\/\\\/heurtevent-stpaul.com\\\/\"},{\"@type\":\"ListItem\",\"position\":2,\"name\":\"Nos chambres fun\u00e9raires\"}]},{\"@type\":\"WebSite\",\"@id\":\"https:\\\/\\\/heurtevent-stpaul.com\\\/#website\",\"url\":\"https:\\\/\\\/heurtevent-stpaul.com\\\/\",\"name\":\"PF HEURTEVENT\",\"description\":\"Pompes fun\u00e8bres &amp; Marbrerie Heurtevent\",\"publisher\":{\"@id\":\"https:\\\/\\\/heurtevent-stpaul.com\\\/#organization\"},\"potentialAction\":[{\"@type\":\"SearchAction\",\"target\":{\"@type\":\"EntryPoint\",\"urlTemplate\":\"https:\\\/\\\/heurtevent-stpaul.com\\\/?s={search_term_string}\"},\"query-input\":{\"@type\":\"PropertyValueSpecification\",\"valueRequired\":true,\"valueName\":\"search_term_string\"}}],\"inLanguage\":\"fr-FR\"},{\"@type\":\"Organization\",\"@id\":\"https:\\\/\\\/heurtevent-stpaul.com\\\/#organization\",\"name\":\"PF HEURTEVENT\",\"url\":\"https:\\\/\\\/heurtevent-stpaul.com\\\/\",\"logo\":{\"@type\":\"ImageObject\",\"inLanguage\":\"fr-FR\",\"@id\":\"https:\\\/\\\/heurtevent-stpaul.com\\\/#\\\/schema\\\/logo\\\/image\\\/\",\"url\":\"https:\\\/\\\/heurtevent-stpaul.com\\\/wp-content\\\/uploads\\\/2020\\\/12\\\/logo2.png\",\"contentUrl\":\"https:\\\/\\\/heurtevent-stpaul.com\\\/wp-content\\\/uploads\\\/2020\\\/12\\\/logo2.png\",\"width\":1450,\"height\":305,\"caption\":\"PF HEURTEVENT\"},\"image\":{\"@id\":\"https:\\\/\\\/heurtevent-stpaul.com\\\/#\\\/schema\\\/logo\\\/image\\\/\"}}]}<\/script>\n<!-- \/ Yoast SEO plugin. -->","yoast_head_json":{"title":"Chambre Fun\u00e9raire \u00e0 Saint-Paul | Heurtevent","description":"D\u00e9couvrez notre chambre fun\u00e9raire Heurtevent \u00e0 Saint-Paul. Un espace adapt\u00e9 pour vous recueillir aupr\u00e8s de votre proche.","robots":{"index":"index","follow":"follow","max-snippet":"max-snippet:-1","max-image-preview":"max-image-preview:large","max-video-preview":"max-video-preview:-1"},"canonical":"https:\/\/heurtevent-stpaul.com\/index.php\/nos-chambres-funeraires\/","og_locale":"fr_FR","og_type":"article","og_title":"Chambre Fun\u00e9raire \u00e0 Saint-Paul | Heurtevent","og_description":"D\u00e9couvrez notre chambre fun\u00e9raire Heurtevent \u00e0 Saint-Paul. Un espace adapt\u00e9 pour vous recueillir aupr\u00e8s de votre proche.","og_url":"https:\/\/heurtevent-stpaul.com\/index.php\/nos-chambres-funeraires\/","og_site_name":"PF HEURTEVENT","article_modified_time":"2026-09-01T08:47:10+00:00","og_image":[{"width":613,"height":300,"url":"https:\/\/heurtevent-stpaul.com\/wp-content\/uploads\/2021\/02\/gerbe-fleurs-2.jpg","type":"image\/jpeg"}],"twitter_card":"summary_large_image","twitter_misc":{"Dur\u00e9e de lecture estim\u00e9e":"1 minute"},"schema":{"@context":"https:\/\/schema.org","@graph":[{"@type":"WebPage","@id":"https:\/\/heurtevent-stpaul.com\/index.php\/nos-chambres-funeraires\/","url":"https:\/\/heurtevent-stpaul.com\/index.php\/nos-chambres-funeraires\/","name":"Chambre Fun\u00e9raire \u00e0 Saint-Paul | Heurtevent","isPartOf":{"@id":"https:\/\/heurtevent-stpaul.com\/#website"},"primaryImageOfPage":{"@id":"https:\/\/heurtevent-stpaul.com\/index.php\/nos-chambres-funeraires\/#primaryimage"},"image":{"@id":"https:\/\/heurtevent-stpaul.com\/index.php\/nos-chambres-funeraires\/#primaryimage"},"thumbnailUrl":"https:\/\/heurtevent-stpaul.com\/wp-content\/uploads\/2021\/02\/gerbe-fleurs-2.jpg","datePublished":"2021-02-23T08:23:42+00:00","dateModified":"2026-09-01T08:47:10+00:00","description":"D\u00e9couvrez notre chambre fun\u00e9raire Heurtevent \u00e0 Saint-Paul. Un espace adapt\u00e9 pour vous recueillir aupr\u00e8s de votre proche.","breadcrumb":{"@id":"https:\/\/heurtevent-stpaul.com\/index.php\/nos-chambres-funeraires\/#breadcrumb"},"inLanguage":"fr-FR","potentialAction":[{"@type":"ReadAction","target":["https:\/\/heurtevent-stpaul.com\/index.php\/nos-chambres-funeraires\/"]}]},{"@type":"ImageObject","inLanguage":"fr-FR","@id":"https:\/\/heurtevent-stpaul.com\/index.php\/nos-chambres-funeraires\/#primaryimage","url":"https:\/\/heurtevent-stpaul.com\/wp-content\/uploads\/2021\/02\/gerbe-fleurs-2.jpg","contentUrl":"https:\/\/heurtevent-stpaul.com\/wp-content\/uploads\/2021\/02\/gerbe-fleurs-2.jpg","width":613,"height":300},{"@type":"BreadcrumbList","@id":"https:\/\/heurtevent-stpaul.com\/index.php\/nos-chambres-funeraires\/#breadcrumb","itemListElement":[{"@type":"ListItem","position":1,"name":"Accueil","item":"https:\/\/heurtevent-stpaul.com\/"},{"@type":"ListItem","position":2,"name":"Nos chambres fun\u00e9raires"}]},{"@type":"WebSite","@id":"https:\/\/heurtevent-stpaul.com\/#website","url":"https:\/\/heurtevent-stpaul.com\/","name":"PF HEURTEVENT","description":"Pompes fun\u00e8bres &amp; Marbrerie Heurtevent","publisher":{"@id":"https:\/\/heurtevent-stpaul.com\/#organization"},"potentialAction":[{"@type":"SearchAction","target":{"@type":"EntryPoint","urlTemplate":"https:\/\/heurtevent-stpaul.com\/?s={search_term_string}"},"query-input":{"@type":"PropertyValueSpecification","valueRequired":true,"valueName":"search_term_string"}}],"inLanguage":"fr-FR"},{"@type":"Organization","@id":"https:\/\/heurtevent-stpaul.com\/#organization","name":"PF HEURTEVENT","url":"https:\/\/heurtevent-stpaul.com\/","logo":{"@type":"ImageObject","inLanguage":"fr-FR","@id":"https:\/\/heurtevent-stpaul.com\/#\/schema\/logo\/image\/","url":"https:\/\/heurtevent-stpaul.com\/wp-content\/uploads\/2020\/12\/logo2.png","contentUrl":"https:\/\/heurtevent-stpaul.com\/wp-content\/uploads\/2020\/12\/logo2.png","width":1450,"height":305,"caption":"PF HEURTEVENT"},"image":{"@id":"https:\/\/heurtevent-stpaul.com\/#\/schema\/logo\/image\/"}}]}},"_links":{"self":[{"href":"https:\/\/heurtevent-stpaul.com\/index.php\/wp-json\/wp\/v2\/pages\/768","targetHints":{"allow":["GET"]}}],"collection":[{"href":"https:\/\/heurtevent-stpaul.com\/index.php\/wp-json\/wp\/v2\/pages"}],"about":[{"href":"https:\/\/heurtevent-stpaul.com\/index.php\/wp-json\/wp\/v2\/types\/page"}],"author":[{"embeddable":true,"href":"https:\/\/heurtevent-stpaul.com\/index.php\/wp-json\/wp\/v2\/users\/1"}],"replies":[{"embeddable":true,"href":"https:\/\/heurtevent-stpaul.com\/index.php\/wp-json\/wp\/v2\/comments?post=768"}],"version-history":[{"count":8,"href":"https:\/\/heurtevent-stpaul.com\/index.php\/wp-json\/wp\/v2\/pages\/768\/revisions"}],"predecessor-version":[{"id":1099,"href":"https:\/\/heurtevent-stpaul.com\/index.php\/wp-json\/wp\/v2\/pages\/768\/revisions\/1099"}],"wp:attachment":[{"href":"https:\/\/heurtevent-stpaul.com\/index.php\/wp-json\/wp\/v2\/media?parent=768"}],"curies":[{"name":"wp","href":"https:\/\/api.w.org\/{rel}","templated":true}]}}